{"id":820,"date":"2019-08-27T10:02:47","date_gmt":"2019-08-27T10:02:47","guid":{"rendered":"https:\/\/www.fms.com.es\/?page_id=820"},"modified":"2019-11-04T09:08:58","modified_gmt":"2019-11-04T09:08:58","slug":"ponentes","status":"publish","type":"page","link":"https:\/\/www.fms.com.es\/inicio\/ponentes\/","title":{"rendered":"Ponentes y Participantes"},"content":{"rendered":"<p>[vc_row css=\u00bb.vc_custom_1479246353275{padding-top: 90px !important;padding-bottom: 90px !important;}\u00bb][vc_column]\t<div class=\"center title-section wow fadeInDown\">\n      <h5>PARTICIPANTES<\/h5><h3 class=\"lrg\">PONENCIA<\/h3><div class=\"separator\"><span><i><\/i><\/span> <\/div>    <\/div>\n    [\/vc_column][\/vc_row][vc_row][vc_column width=\u00bb1\/4&#8243;][mvc_team_profile member_visibility=\u00bboutset\u00bb image_id=\u00bb986&#8243; memb_name=\u00bbN\u00c9STOR GUERRA\u00bb memb_prof=\u00bbCEO y cofundador de IEC startup\u00bb memb_about=\u00bbTambi\u00e9n es CEO de Nestor&amp;Co, consultora dedicada a la innovaci\u00f3n e intraemprendimiento corporativo. Profesor de Business Design &amp; Lean Startup en la Escuela de Organizaci\u00f3n Industrial EOI. Profesor de Innovaci\u00f3n y Lean Startup en h2i Institute. Es uno de los expertos m\u00e1s reconocidos en el \u00e1mbito de emprendimiento Lean Startup. \u00ab][\/vc_column][vc_column width=\u00bb1\/4&#8243;][mvc_team_profile member_visibility=\u00bboutset\u00bb image_id=\u00bb993&#8243; memb_name=\u00bbMIGUEL PUERTAS\u00bb memb_prof=\u00bb Teniente coronel del ej\u00e9rcito espa\u00f1ol\u00bb memb_about=\u00bbAdem\u00e1s es piloto de caza, participando en misiones en Afganist\u00e1n. Ha sido piloto y jefe de la patrulla Aguila de vuelo acrob\u00e1tico. Campe\u00f3n de Espa\u00f1a de decathlon militar. Ha corrido 11 Rallies Dakar en motos y ha sido el jefe del equipo HIMOINSA que alcanz\u00f3 el p\u00f3dium en el Rally Dakar. Actualmente es empresario y organizador del 1000 Dunas Raid en \u00c1frica.\u00bb][\/vc_column][vc_column width=\u00bb1\/4&#8243;][mvc_team_profile member_visibility=\u00bboutset\u00bb image_id=\u00bb987&#8243; memb_name=\u00bbPABLO VI\u00d1ASPRE\u00bb memb_prof=\u00bbDirector de WSC Consulting\u00bb memb_about=\u00bbDirector de la Fitness Management School y fundador de FitnessKPI. Ha formado a m\u00e1s de 15.000 directivos del \ufb01tness en varios pa\u00edses de Europa y Latinoam\u00e9rica y ha trabajado con casi 500 clubes de \ufb01tness en proyectos de consultor\u00eda y formaci\u00f3n In-company.\u00bb][\/vc_column][vc_column width=\u00bb1\/4&#8243;][mvc_team_profile member_visibility=\u00bboutset\u00bb image_id=\u00bb991&#8243; memb_name=\u00bbV\u00cdCTOR MART\u00cdN\u00bb memb_prof=\u00bbCEO de Macco Robotics\u00bb memb_about=\u00bb Una de las compa\u00f1\u00edas de ingenier\u00eda m\u00e1s destacadas de nuestro pa\u00eds en cuanto al desarrollo de robots humanoides creativos y amigables. Entre otras cuestiones, MACCO fabrica robots que hagan el check-in y check-out en los hoteles, cuiden de los m\u00e1s peque\u00f1os de la casa, que posibiliten la telepresencia en sanidad, sirvan las bebidas en un bar o gestionen los \ufb02ujos de gente en una tienda o, incluso, sirvan de carrito de la compra inteligente.\u00bb][\/vc_column][\/vc_row][vc_row][vc_column width=\u00bb1\/4&#8243;][mvc_team_profile member_visibility=\u00bboutset\u00bb image_id=\u00bb1288&#8243; memb_name=\u00bbDANIEL CASALE\u00bb memb_prof=\u00bbCTO de Fitness KPI y  de IOT Engineering\u00bb memb_about=\u00bbIngeniero Industrial y Electr\u00f3nico, ha sido siempre un gran amante de la rob\u00f3tica. Ha realizado desarrollos para el robot de Google, Meka, y sistemas de visi\u00f3n por computador relacionados con la automoci\u00f3n. Actualmente se dedica al mundo empresarial desarrollando IA, software, electr\u00f3nica y robots para la industria. \u00ab][\/vc_column][vc_column width=\u00bb1\/4&#8243;][mvc_team_profile member_visibility=\u00bboutset\u00bb image_id=\u00bb992&#8243; memb_name=\u00bbRAM\u00d3N G\u00d3MEZ\u00bb memb_prof=\u00bb Doctor en Econ\u00f3micas\u00bb memb_about=\u00bbCon especialidad en an\u00e1lisis de negocios y de mercados. Ha trabajado en el departamento de previsiones del Banco de Espa\u00f1a. Actualmente trabaja como economista principal y analista en el Banco Central Europeo en Frankfurt.\u00bb][\/vc_column][vc_column width=\u00bb1\/4&#8243;][mvc_team_profile member_visibility=\u00bboutset\u00bb image_id=\u00bb1241&#8243; memb_name=\u00bbI\u00d1AKY BAU\u00bb memb_prof=\u00bbCorporate Marketing Director Palladium Hotel Group\u00bb memb_about=\u00bbPalladium Hotel Group es una cadena hotelera espa\u00f1ola de reconocido \u00e9xito nacional e internacional. Tienen presencia en 6 pa\u00edses y cuentan con 50 hoteles. Con el \ufb01n de personalizar la experiencia de sus clientes, operan bajo distintas marcas y submarcas.\u00bb][\/vc_column][vc_column width=\u00bb1\/4&#8243;][\/vc_column][\/vc_row][vc_row css=\u00bb.vc_custom_1479246353275{padding-top: 90px !important;padding-bottom: 90px !important;}\u00bb][vc_column]\t<div class=\"center title-section wow fadeInDown\">\n      <h5>PARTICIPANTES<\/h5><h3 class=\"lrg\">ENTREVISTADOS<\/h3><div class=\"separator\"><span><i><\/i><\/span> <\/div>    <\/div>\n    [\/vc_column][\/vc_row][vc_row][vc_column width=\u00bb1\/4&#8243;][\/vc_column][vc_column width=\u00bb1\/4&#8243;][mvc_team_profile member_visibility=\u00bboutset\u00bb image_id=\u00bb1193&#8243; memb_name=\u00bbROC\u00cdO CASAL\u00bb memb_prof=\u00bbResponsable de RR.HH. de Inditex\u00bb memb_about=\u00bbPsic\u00f3loga con especialidad en gesti\u00f3n de recursos humanos, ha trabajado para marcas como L&#8217;\u00d3real. Actualmente, lleva m\u00e1s de 9 a\u00f1os trabajando para la gran multinacional Zara.\u00bb][\/vc_column][vc_column width=\u00bb1\/4&#8243;][mvc_team_profile member_visibility=\u00bboutset\u00bb image_id=\u00bb1191&#8243; memb_name=\u00bbRUDDY TOTTOLI\u00bb memb_prof=\u00bbResponsable de operaciones de Zara\u00bb memb_about=\u00bbCon una amplia formaci\u00f3n en el sector de la moda y del comercio, m\u00e1s de 15 a\u00f1os trabajando para la marca Zara avalan su trabajo. \u00ab][\/vc_column][vc_column width=\u00bb1\/4&#8243;][\/vc_column][\/vc_row][vc_row css=\u00bb.vc_custom_1479246353275{padding-top: 90px !important;padding-bottom: 90px !important;}\u00bb][vc_column]\t<div class=\"center title-section wow fadeInDown\">\n      <h5>PARTICIPANTES<\/h5><h3 class=\"lrg\">MESA REDONDA<\/h3><div class=\"separator\"><span><i><\/i><\/span> <\/div>    <\/div>\n    [\/vc_column][\/vc_row][vc_row][vc_column width=\u00bb1\/4&#8243;][mvc_team_profile member_visibility=\u00bboutset\u00bb image_id=\u00bb1266&#8243; memb_name=\u00bbJORDI BONICH\u00bb memb_prof=\u00bbCHIEF OPERATIONS OFFICER DE HOMES PLACE\u00bb][\/vc_column][vc_column width=\u00bb1\/4&#8243;][mvc_team_profile member_visibility=\u00bboutset\u00bb image_id=\u00bb1102&#8243; memb_name=\u00bbNICO S\u00c1NCHEZ\u00bb memb_prof=\u00bbDirector de Desarrollo y Proyectos de Fundaci\u00f3 Claror\u00bb][\/vc_column][vc_column width=\u00bb1\/4&#8243;][mvc_team_profile member_visibility=\u00bboutset\u00bb image_id=\u00bb1098&#8243; memb_name=\u00bbISABEL VEGA\u00bb memb_prof=\u00bbDirectora Marisma Wellness Center\u00bb][\/vc_column][vc_column width=\u00bb1\/4&#8243;][mvc_team_profile member_visibility=\u00bboutset\u00bb image_id=\u00bb1100&#8243; memb_name=\u00bbMANEL LUCAS\u00bb memb_prof=\u00bbGerente de Aqua Sports Club &#038; Spa\u00bb][\/vc_column][\/vc_row][vc_row][vc_column width=\u00bb1\/4&#8243;][mvc_team_profile member_visibility=\u00bboutset\u00bb image_id=\u00bb1195&#8243; memb_name=\u00bbMARTA EZEOLAZA\u00bb memb_prof=\u00bbGerente de Onfitness\u00bb][\/vc_column][vc_column width=\u00bb1\/4&#8243;][mvc_team_profile member_visibility=\u00bboutset\u00bb image_id=\u00bb1101&#8243; memb_name=\u00bbMARCOS GONZ\u00c1LEZ\u00bb memb_prof=\u00bbDirector de expansi\u00f3n y nuevos proyectos en CET10&#8243;][\/vc_column][vc_column width=\u00bb1\/4&#8243;][mvc_team_profile member_visibility=\u00bboutset\u00bb image_id=\u00bb1194&#8243; memb_name=\u00bb\u00c1LEX CLAVIJO\u00bb memb_prof=\u00bbResponsable del \u00e1rea t\u00e9cnica en CET10&#8243;][\/vc_column][vc_column width=\u00bb1\/4&#8243;][mvc_team_profile member_visibility=\u00bboutset\u00bb image_id=\u00bb1097&#8243; memb_name=\u00bbDAVID RAM\u00cdREZ\u00bb memb_prof=\u00bbDirector general Yoofit\u00bb][\/vc_column][\/vc_row]<\/p>\n","protected":false},"excerpt":{"rendered":"<p>[vc_row css=\u00bb.vc_custom_1479246353275{padding-top: 90px !important;padding-bottom: 90px !important;}\u00bb][vc_column][\/vc_column][\/vc_row][vc_row][vc_column width=\u00bb1\/4&#8243;][mvc_team_profile member_visibility=\u00bboutset\u00bb image_id=\u00bb986&#8243; memb_name=\u00bbN\u00c9STOR GUERRA\u00bb memb_prof=\u00bbCEO y cofundador de IEC startup\u00bb memb_about=\u00bbTambi\u00e9n es CEO de Nestor&amp;Co, consultora dedicada a la innovaci\u00f3n e intraemprendimiento corporativo. Profesor de Business Design &amp; Lean Startup en la Escuela de Organizaci\u00f3n Industrial EOI. Profesor de Innovaci\u00f3n y Lean Startup en h2i Institute. Es uno [&hellip;]<\/p>\n","protected":false},"author":1,"featured_media":0,"parent":0,"menu_order":0,"comment_status":"closed","ping_status":"closed","template":"","meta":[],"yoast_head":"<!-- This site is optimized with the Yoast SEO plugin v14.9 - https:\/\/yoast.com\/wordpress\/plugins\/seo\/ -->\n<title>| Fitness Management School<\/title>\n<meta name=\"robots\" content=\"index, follow, max-snippet:-1, max-image-preview:large, max-video-preview:-1\" \/>\n<link rel=\"canonical\" href=\"https:\/\/www.fms.com.es\/inicio\/ponentes\/\" \/>\n<meta property=\"og:locale\" content=\"es_ES\" \/>\n<meta property=\"og:type\" content=\"article\" \/>\n<meta property=\"og:title\" content=\"| Fitness Management School\" \/>\n<meta property=\"og:description\" content=\"[vc_row css=\u00bb.vc_custom_1479246353275{padding-top: 90px !important;padding-bottom: 90px !important;}\u00bb][vc_column][\/vc_column][\/vc_row][vc_row][vc_column width=\u00bb1\/4&#8243;][mvc_team_profile member_visibility=\u00bboutset\u00bb image_id=\u00bb986&#8243; memb_name=\u00bbN\u00c9STOR GUERRA\u00bb memb_prof=\u00bbCEO y cofundador de IEC startup\u00bb memb_about=\u00bbTambi\u00e9n es CEO de Nestor&amp;Co, consultora dedicada a la innovaci\u00f3n e intraemprendimiento corporativo. Profesor de Business Design &amp; Lean Startup en la Escuela de Organizaci\u00f3n Industrial EOI. Profesor de Innovaci\u00f3n y Lean Startup en h2i Institute. Es uno [&hellip;]\" \/>\n<meta property=\"og:url\" content=\"https:\/\/www.fms.com.es\/inicio\/ponentes\/\" \/>\n<meta property=\"og:site_name\" content=\"Fitness Management School\" \/>\n<meta property=\"article:modified_time\" content=\"2019-11-04T09:08:58+00:00\" \/>\n<meta name=\"twitter:card\" content=\"summary_large_image\" \/>\n<script type=\"application\/ld+json\" class=\"yoast-schema-graph\">{\"@context\":\"https:\/\/schema.org\",\"@graph\":[{\"@type\":\"Organization\",\"@id\":\"https:\/\/www.fms.com.es\/inicio\/#organization\",\"name\":\"Fitness Management School\",\"url\":\"https:\/\/www.fms.com.es\/inicio\/\",\"sameAs\":[\"https:\/\/www.linkedin.com\/company\/fitness-management-school\/\"],\"logo\":{\"@type\":\"ImageObject\",\"@id\":\"https:\/\/www.fms.com.es\/inicio\/#logo\",\"inLanguage\":\"es\",\"url\":\"https:\/\/www.fms.com.es\/wp-content\/uploads\/2019\/08\/fms-icon.png\",\"width\":44,\"height\":43,\"caption\":\"Fitness Management School\"},\"image\":{\"@id\":\"https:\/\/www.fms.com.es\/inicio\/#logo\"}},{\"@type\":\"WebSite\",\"@id\":\"https:\/\/www.fms.com.es\/inicio\/#website\",\"url\":\"https:\/\/www.fms.com.es\/inicio\/\",\"name\":\"Fitness Management School\",\"description\":\"\\ud83c\\udfc5 Formaci\\u00f3n de alto nivel para directivos y gestores de fitness \\ud83d\\udd1c  Pr\\u00f3xima formaci\\u00f3n: Programa Desarrollo Directivo\",\"publisher\":{\"@id\":\"https:\/\/www.fms.com.es\/inicio\/#organization\"},\"potentialAction\":[{\"@type\":\"SearchAction\",\"target\":\"https:\/\/www.fms.com.es\/inicio\/?s={search_term_string}\",\"query-input\":\"required name=search_term_string\"}],\"inLanguage\":\"es\"},{\"@type\":\"WebPage\",\"@id\":\"https:\/\/www.fms.com.es\/inicio\/ponentes\/#webpage\",\"url\":\"https:\/\/www.fms.com.es\/inicio\/ponentes\/\",\"name\":\"| Fitness Management School\",\"isPartOf\":{\"@id\":\"https:\/\/www.fms.com.es\/inicio\/#website\"},\"datePublished\":\"2019-08-27T10:02:47+00:00\",\"dateModified\":\"2019-11-04T09:08:58+00:00\",\"inLanguage\":\"es\",\"potentialAction\":[{\"@type\":\"ReadAction\",\"target\":[\"https:\/\/www.fms.com.es\/inicio\/ponentes\/\"]}]}]}<\/script>\n<!-- \/ Yoast SEO plugin. -->","_links":{"self":[{"href":"https:\/\/www.fms.com.es\/inicio\/wp-json\/wp\/v2\/pages\/820"}],"collection":[{"href":"https:\/\/www.fms.com.es\/inicio\/wp-json\/wp\/v2\/pages"}],"about":[{"href":"https:\/\/www.fms.com.es\/inicio\/wp-json\/wp\/v2\/types\/page"}],"author":[{"embeddable":true,"href":"https:\/\/www.fms.com.es\/inicio\/wp-json\/wp\/v2\/users\/1"}],"replies":[{"embeddable":true,"href":"https:\/\/www.fms.com.es\/inicio\/wp-json\/wp\/v2\/comments?post=820"}],"version-history":[{"count":39,"href":"https:\/\/www.fms.com.es\/inicio\/wp-json\/wp\/v2\/pages\/820\/revisions"}],"predecessor-version":[{"id":1323,"href":"https:\/\/www.fms.com.es\/inicio\/wp-json\/wp\/v2\/pages\/820\/revisions\/1323"}],"wp:attachment":[{"href":"https:\/\/www.fms.com.es\/inicio\/wp-json\/wp\/v2\/media?parent=820"}],"curies":[{"name":"wp","href":"https:\/\/api.w.org\/{rel}","templated":true}]}}